{"id":1104,"date":"2010-02-17T20:35:53","date_gmt":"2010-02-17T18:35:53","guid":{"rendered":"http:\/\/www.historielaget.jostedal.no\/?page_id=1104"},"modified":"2014-05-18T13:15:04","modified_gmt":"2014-05-18T11:15:04","slug":"1814-ein-oppr%c3%b8rt-sokneprest","status":"publish","type":"page","link":"https:\/\/www.historielaget.jostedal.no\/?page_id=1104","title":{"rendered":"1814: Ein oppr\u00f8rd sokneprest"},"content":{"rendered":"<p>I kyrkjeboka for Jostedalen har dei storpolitiske hendingane i 1814 nedfelt seg i desse innf\u00f8rslane:<\/p>\n<p><em>18. mars: <\/em>Den 18d Martij holdtes Bededag i Anledning af Hans Kongl H\u00f8yhed Prins Regentens Regjerings Antagelse og blev Almuen tagen i Eed, tillige aflagde jeg selv Eed. [<a href=\"http:\/\/www.historielaget.jostedal.no\/?page_id=785\">Om valet til riksforsamlinga<\/a>]<\/p>\n<p><em>3. juli:<\/em> Denne S\u00f8ndag holdtes Taksigelsesfest i Anledning af H. Majest\u00e6ts allern: Konge Christian Frederiks Tronbestigelse.<\/p>\n<p><em>18. september:<\/em> De <a href=\"http:\/\/www.historielaget.jostedal.no\/?page_id=1672\">Stemmeberettigede <\/a>valgte <a href=\"http:\/\/www.lokalhistoriewiki.no\/index.php\/Rasmus_Hansson_Helleg%C3%A5rd\">Rasmus Hansen Heljegaard<\/a> til at m\u00f8de som Repr\u00e6sentant paa Wig\u00f8ren i Anledning af et extraordinairt Storthing, som skulde holdes d. 7d October i Christiania.<\/p>\n<p><a href=\"http:\/\/www.historielaget.jostedal.no\/wordpress\/wp-content\/upLoads\/12-4-Jostedal-kyrkjebok-nov.jpg\"><img decoding=\"async\" alt=\"12-4 Jostedal kyrkjebok nov\" src=\"http:\/\/www.historielaget.jostedal.no\/wordpress\/wp-content\/upLoads\/12-4-Jostedal-kyrkjebok-nov-300x36.jpg\" width=\"380\" \/><\/a><\/p>\n<p><em>23. oktober:<\/em> 21t S\u00f8ndag efter Trinitatis. Gudstjeneste, opl\u00e6st Kundgj\u00f8relse omkring Christian Frederiks Krones Nedl\u00e6ggelse og Norges Foreening med Sverig!!!<\/p>\n<p><a href=\"http:\/\/www.historielaget.jostedal.no\/wordpress\/wp-content\/upLoads\/12-5-Jostedal-kyrkjebok-jan.jpg\"><img loading=\"lazy\" decoding=\"async\" class=\"alignright\" alt=\"12-5 Jostedal kyrkjebok jan\" src=\"http:\/\/www.historielaget.jostedal.no\/wordpress\/wp-content\/upLoads\/12-5-Jostedal-kyrkjebok-jan-300x39.jpg\" width=\"380\" height=\"49\" \/><\/a><\/p>\n<p><em>11. desember:\u00a0<\/em>3d S\u00f8ndag i Advent. Ditto [Gudstjeneste]. Opl\u00e6st Statsraadets Kundgi\u00f8relse om at have valgt den svenske Konge Carl d. 13de til Norges constitutionelle Konge!!!&#8212;<\/p>\n<p><em>1. januar 1815:<\/em> Nyeaarsdag. Taksigelser for Freden og Norges Forening med Sverrig.<\/p>\n<p><strong>Kjelde<\/strong><\/p>\n<p>Ministerialbok for Jostedalen 1807-1837,\u00a0oppslag <a href=\"http:\/\/www.arkivverket.no\/URN:NBN:no-a1450-kb20070509670167.jpg\">21<\/a>\u00a0og <a href=\"http:\/\/www.arkivverket.no\/URN:NBN:no-a1450-kb20070509670168.jpg\">22<\/a><em>.\u00a0<\/em>[Digital utg\u00e5ve, Digitalarkivet]<\/p>\n<p><strong>Merknad<\/strong><\/p>\n<p>Presten i Jostedalen p\u00e5 dette historiske tidspunktet var <a href=\"http:\/\/lokalhistoriewiki.no\/index.php\/Holger_Halling_Schj%C3%B8dt\">Holger Halling Schj\u00f8dt <\/a>(1776-1856), sokneprest i Jostedalen 1812-20. Schj\u00f8dt var dansk, men avla eid til prinsen og vart verande norsk embetsmann livet ut.<\/p>\n<p>Kyrkjeb\u00f8kene er vanlegvis fattige p\u00e5 kjensleutbrot, men ropeteikna syner at Schj\u00f8dt ikkje har greidd \u00e5 l\u00f8yne kor lite han tykte om unionen med Sverige som Noreg vart tvungen inn i hausten 1814. Men til ny\u00e5rsdagen ser me at han hadde kome inn i falden.<\/p>\n","protected":false},"excerpt":{"rendered":"<p>I kyrkjeboka for Jostedalen har dei storpolitiske hendingane i 1814 nedfelt seg i desse innf\u00f8rslane: 18. mars: Den 18d Martij holdtes Bededag i Anledning af Hans Kongl H\u00f8yhed Prins Regentens Regjerings Antagelse og blev Almuen tagen i Eed, tillige aflagde jeg selv Eed. [Om valet til riksforsamlinga] 3. juli: Denne S\u00f8ndag holdtes Taksigelsesfest i Anledning [&hellip;]<\/p>\n","protected":false},"author":2,"featured_media":0,"parent":1098,"menu_order":2,"comment_status":"open","ping_status":"open","template":"","meta":{"ngg_post_thumbnail":0,"footnotes":""},"class_list":["post-1104","page","type-page","status-publish","hentry"],"_links":{"self":[{"href":"https:\/\/www.historielaget.jostedal.no\/index.php?rest_route=\/wp\/v2\/pages\/1104","targetHints":{"allow":["GET"]}}],"collection":[{"href":"https:\/\/www.historielaget.jostedal.no\/index.php?rest_route=\/wp\/v2\/pages"}],"about":[{"href":"https:\/\/www.historielaget.jostedal.no\/index.php?rest_route=\/wp\/v2\/types\/page"}],"author":[{"embeddable":true,"href":"https:\/\/www.historielaget.jostedal.no\/index.php?rest_route=\/wp\/v2\/users\/2"}],"replies":[{"embeddable":true,"href":"https:\/\/www.historielaget.jostedal.no\/index.php?rest_route=%2Fwp%2Fv2%2Fcomments&post=1104"}],"version-history":[{"count":23,"href":"https:\/\/www.historielaget.jostedal.no\/index.php?rest_route=\/wp\/v2\/pages\/1104\/revisions"}],"predecessor-version":[{"id":2925,"href":"https:\/\/www.historielaget.jostedal.no\/index.php?rest_route=\/wp\/v2\/pages\/1104\/revisions\/2925"}],"up":[{"embeddable":true,"href":"https:\/\/www.historielaget.jostedal.no\/index.php?rest_route=\/wp\/v2\/pages\/1098"}],"wp:attachment":[{"href":"https:\/\/www.historielaget.jostedal.no\/index.php?rest_route=%2Fwp%2Fv2%2Fmedia&parent=1104"}],"curies":[{"name":"wp","href":"https:\/\/api.w.org\/{rel}","templated":true}]}}