{"id":2636,"date":"2013-07-15T21:34:58","date_gmt":"2013-07-15T19:34:58","guid":{"rendered":"http:\/\/www.historielaget.jostedal.no\/?page_id=2636"},"modified":"2013-10-31T09:51:42","modified_gmt":"2013-10-31T07:51:42","slug":"biografiske-opplysningar","status":"publish","type":"page","link":"https:\/\/www.historielaget.jostedal.no\/?page_id=2636","title":{"rendered":"Biografi"},"content":{"rendered":"<p>I denne seksjonen finn ein dei mest sentrale biografiske opplysningane om Matthias Foss og familien hans. Det g\u00e5r fram kvar opplysningane er henta fr\u00e5, og s\u00e5 langt r\u00e5d er dei dokumenterte med prim\u00e6rkjelder.<\/p>\n<p>\u00c5ra fram til 1742 er sv\u00e6rt kjeldefattig. Fr\u00e5 dei fyrste to ti\u00e5ra etter at Foss kom til Jostedalen i 1742 finst det sv\u00e6rt mange og gode kjelder. S\u00e5 vert det meir sparsamt med kjelder fr\u00e5 kring 1760 til Foss d\u00f8ydde i 1792.<\/p>\n<p>Under \u00ab<a href=\"http:\/\/www.historielaget.jostedal.no\/?page_id=2606\">Litteratur om Foss<\/a>\u00bb er tidlegare biografiske omtaler stort sett attgjevne utan kommentarar. Dei har mange manglar og un\u00f8yaktigheiter som me her har pr\u00f8vd \u00e5 g\u00e5 etter i saumane.<\/p>\n","protected":false},"excerpt":{"rendered":"<p>I denne seksjonen finn ein dei mest sentrale biografiske opplysningane om Matthias Foss og familien hans. Det g\u00e5r fram kvar opplysningane er henta fr\u00e5, og s\u00e5 langt r\u00e5d er dei dokumenterte med prim\u00e6rkjelder. \u00c5ra fram til 1742 er sv\u00e6rt kjeldefattig. Fr\u00e5 dei fyrste to ti\u00e5ra etter at Foss kom til Jostedalen i 1742 finst det [&hellip;]<\/p>\n","protected":false},"author":2,"featured_media":0,"parent":8,"menu_order":2,"comment_status":"open","ping_status":"open","template":"","meta":{"ngg_post_thumbnail":0,"footnotes":""},"class_list":["post-2636","page","type-page","status-publish","hentry"],"_links":{"self":[{"href":"https:\/\/www.historielaget.jostedal.no\/index.php?rest_route=\/wp\/v2\/pages\/2636","targetHints":{"allow":["GET"]}}],"collection":[{"href":"https:\/\/www.historielaget.jostedal.no\/index.php?rest_route=\/wp\/v2\/pages"}],"about":[{"href":"https:\/\/www.historielaget.jostedal.no\/index.php?rest_route=\/wp\/v2\/types\/page"}],"author":[{"embeddable":true,"href":"https:\/\/www.historielaget.jostedal.no\/index.php?rest_route=\/wp\/v2\/users\/2"}],"replies":[{"embeddable":true,"href":"https:\/\/www.historielaget.jostedal.no\/index.php?rest_route=%2Fwp%2Fv2%2Fcomments&post=2636"}],"version-history":[{"count":5,"href":"https:\/\/www.historielaget.jostedal.no\/index.php?rest_route=\/wp\/v2\/pages\/2636\/revisions"}],"predecessor-version":[{"id":2860,"href":"https:\/\/www.historielaget.jostedal.no\/index.php?rest_route=\/wp\/v2\/pages\/2636\/revisions\/2860"}],"up":[{"embeddable":true,"href":"https:\/\/www.historielaget.jostedal.no\/index.php?rest_route=\/wp\/v2\/pages\/8"}],"wp:attachment":[{"href":"https:\/\/www.historielaget.jostedal.no\/index.php?rest_route=%2Fwp%2Fv2%2Fmedia&parent=2636"}],"curies":[{"name":"wp","href":"https:\/\/api.w.org\/{rel}","templated":true}]}}