{"id":96,"date":"2007-05-15T23:05:54","date_gmt":"2007-05-15T21:05:54","guid":{"rendered":"http:\/\/www.historielaget.jostedal.no\/?page_id=96"},"modified":"2025-04-16T14:03:55","modified_gmt":"2025-04-16T12:03:55","slug":"st%c3%b8lar","status":"publish","type":"page","link":"https:\/\/www.historielaget.jostedal.no\/?page_id=96","title":{"rendered":"\u00d8vregard: St\u00f8lar og st\u00f8lsliv (1999)"},"content":{"rendered":"<p><strong>K\u00e5re \u00d8vregard: <em>St\u00f8lar og st\u00f8lsliv i Luster kommune <\/em>(1999)<\/strong><\/p>\n<p><a href=\"https:\/\/www.historielaget.jostedal.no\/wordpress\/wp-content\/upLoads\/stolssoga.jpg\"><img loading=\"lazy\" decoding=\"async\" class=\"alignleft  wp-image-3914\" src=\"https:\/\/www.historielaget.jostedal.no\/wordpress\/wp-content\/upLoads\/stolssoga.jpg\" alt=\"\" width=\"165\" height=\"204\" srcset=\"https:\/\/www.historielaget.jostedal.no\/wordpress\/wp-content\/upLoads\/stolssoga.jpg 227w, https:\/\/www.historielaget.jostedal.no\/wordpress\/wp-content\/upLoads\/stolssoga-150x185.jpg 150w\" sizes=\"auto, (max-width: 165px) 100vw, 165px\" \/><\/a><\/p>\n<p>Gjennom ein 2 \u00e5rs bolk fr\u00e5 1997 og ut 1998 har K\u00e5re \u00d8vregard samla materiale og skrive p\u00e5 manuskriptet til denne framstillinga av s\u00f8lane og st\u00f8lslivet i Luster kommune. Ideen med \u00e5 f\u00e5 utarbeida denne boka ligg b\u00e5de i erkjenninga av at mykje viktig lokalhistorie er i ferd med \u00e5 g\u00e5 tapt med det generasjonsskiftet me no er inne i, men ogs\u00e5 det faktum at Luster kommune nok m\u00e5 seiast \u00e5 vera den kommunen i Sogn og Fjordane, og kanskje i eit enno st\u00f8rre geografisk omr\u00e5de, som i fleire generasjonar har hatt den mest omfattande utnyttinga av utmarksressursane &#8211; beiteomr\u00e5da og fjellviddene -!<\/p>\n<p>Forfattaren legg for dagen ei framstillingsform som inviterar alle lesarar til \u00e5 vera med p\u00e5 ei oppleving. Dette mykje utfr\u00e5 at K\u00e5re \u00d8vregard stiller som representant for dei som i barne\u00e5ra fekk oppleva st\u00f8lslivet p\u00e5 n\u00e6rt hald m.a. som s\u00e5kalla &laquo;budeiedalt&raquo;, men ogs\u00e5 som &laquo;friluftsmann&raquo; med auga for det unike og verdifulle som naturen og menneska i fellesskap har gjort st\u00f8lsomr\u00e5da til.<\/p>\n<p>Lokalhistorie er i stor grad med p\u00e5 \u00e5 underbyggja v\u00e5r identitet, ei kjensle av \u00e5 h\u00f8yra til ein stad. Gjennom eit breidt satsingsfelt p\u00e5 bygdeb\u00f8ker, lokalhistoriske \u00e5rb\u00f8ker og ymse anna litteratur og formidlingsteknikk vil Luster kommune medverka til at kunnskapsmengd og variasjon skal vera rikast mogeleg. S\u00e5 langt m\u00e5 me ha lov til \u00e5 sl\u00e5 fast at me er p\u00e5 rett veg.<\/p>\n<p><em>Bokomtale av kultursjef Erling Bj\u00f8rnetun som l\u00e5g p\u00e5 nettstaden til Luster kommune fram til desember 2010.<\/em><\/p>\n<p><a href=\"https:\/\/urn.nb.no\/URN:NBN:no-nb_digibok_2016030248028\">Digital utg\u00e5ve, Nasjonalbiblioteket<\/a><\/p>\n<p>&nbsp;<\/p>\n","protected":false},"excerpt":{"rendered":"<p>K\u00e5re \u00d8vregard: St\u00f8lar og st\u00f8lsliv i Luster kommune (1999) Gjennom ein 2 \u00e5rs bolk fr\u00e5 1997 og ut 1998 har K\u00e5re \u00d8vregard samla materiale og skrive p\u00e5 manuskriptet til denne framstillinga av s\u00f8lane og st\u00f8lslivet i Luster kommune. Ideen med \u00e5 f\u00e5 utarbeida denne boka ligg b\u00e5de i erkjenninga av at mykje viktig lokalhistorie er [&hellip;]<\/p>\n","protected":false},"author":2,"featured_media":0,"parent":3,"menu_order":9,"comment_status":"open","ping_status":"closed","template":"","meta":{"ngg_post_thumbnail":0,"footnotes":""},"class_list":["post-96","page","type-page","status-publish","hentry"],"_links":{"self":[{"href":"https:\/\/www.historielaget.jostedal.no\/index.php?rest_route=\/wp\/v2\/pages\/96","targetHints":{"allow":["GET"]}}],"collection":[{"href":"https:\/\/www.historielaget.jostedal.no\/index.php?rest_route=\/wp\/v2\/pages"}],"about":[{"href":"https:\/\/www.historielaget.jostedal.no\/index.php?rest_route=\/wp\/v2\/types\/page"}],"author":[{"embeddable":true,"href":"https:\/\/www.historielaget.jostedal.no\/index.php?rest_route=\/wp\/v2\/users\/2"}],"replies":[{"embeddable":true,"href":"https:\/\/www.historielaget.jostedal.no\/index.php?rest_route=%2Fwp%2Fv2%2Fcomments&post=96"}],"version-history":[{"count":3,"href":"https:\/\/www.historielaget.jostedal.no\/index.php?rest_route=\/wp\/v2\/pages\/96\/revisions"}],"predecessor-version":[{"id":3915,"href":"https:\/\/www.historielaget.jostedal.no\/index.php?rest_route=\/wp\/v2\/pages\/96\/revisions\/3915"}],"up":[{"embeddable":true,"href":"https:\/\/www.historielaget.jostedal.no\/index.php?rest_route=\/wp\/v2\/pages\/3"}],"wp:attachment":[{"href":"https:\/\/www.historielaget.jostedal.no\/index.php?rest_route=%2Fwp%2Fv2%2Fmedia&parent=96"}],"curies":[{"name":"wp","href":"https:\/\/api.w.org\/{rel}","templated":true}]}}